{"id":2424,"date":"2025-06-05T16:46:40","date_gmt":"2025-06-05T14:46:40","guid":{"rendered":"https:\/\/unmundodemadera.com\/politica-de-privacitat\/"},"modified":"2026-03-11T16:24:59","modified_gmt":"2026-03-11T15:24:59","slug":"politica-de-privacitat","status":"publish","type":"page","link":"https:\/\/unmundodemadera.com\/ca\/politica-de-privacitat\/","title":{"rendered":"Pol\u00edtica de privacitat"},"content":{"rendered":"\t\t<div data-elementor-type=\"wp-page\" data-elementor-id=\"2424\" class=\"elementor elementor-2424 elementor-3\" data-elementor-post-type=\"page\">\n\t\t\t\t<div class=\"elementor-element elementor-element-651a5a25 e-flex e-con-boxed e-con e-parent\" data-id=\"651a5a25\" data-element_type=\"container\" data-e-type=\"container\">\n\t\t\t\t\t<div class=\"e-con-inner\">\n\t\t\t\t<div class=\"elementor-element elementor-element-787370da elementor-widget elementor-widget-text-editor\" data-id=\"787370da\" data-element_type=\"widget\" data-e-type=\"widget\" data-widget_type=\"text-editor.default\">\n\t\t\t\t<div class=\"elementor-widget-container\">\n\t\t\t\t\t\t\t\t\t<div data-id=\"bde5419\" data-element_type=\"widget\" data-widget_type=\"heading.default\">\n<section data-id=\"df68973\" data-element_type=\"section\">\n<div>\n<div data-id=\"07debae\" data-element_type=\"column\">\n<div>\n<div data-id=\"946feb0\" data-element_type=\"widget\" data-widget_type=\"heading.default\">\n<div>\n<section data-id=\"beabc38\" data-element_type=\"section\">\n<div>\n<div data-id=\"457e3ed\" data-element_type=\"column\">\n<div>\n<div data-id=\"a48e47e\" data-element_type=\"widget\" data-widget_type=\"heading.default\">\n<div>\n<h1>Pol\u00edtica de privacitat<br><\/h1>\n<\/div>\n<\/div>\n<\/div>\n<\/div>\n<\/div>\n<\/section>\n<section data-id=\"745fad9\" data-element_type=\"section\">\n<div>\n<div data-id=\"41a83ea\" data-element_type=\"column\">\n<div>\n<div data-id=\"b167646\" data-element_type=\"widget\" data-widget_type=\"text-editor.default\">\n<div>En compliment del que estableix la Llei Org\u00e0nica 15\/1999, de 13 de desembre, de protecci\u00f3 de dades de car\u00e0cter personal i del Reglament Europeu UE 2016\/679, us informem del seg\u00fcent:<\/div>\n<\/div>\n<div data-id=\"0de379a\" data-element_type=\"widget\" data-widget_type=\"heading.default\">\n<div>\n<h2><strong>Identitat i dades de contacte del responsable del tractament<\/strong><\/h2>\n<\/div>\n<\/div>\n<div data-id=\"a35a215\" data-element_type=\"widget\" data-widget_type=\"text-editor.default\">\n<div>Comuniquem que les dades que ens faciliteu quedaran incorporades i seran tractades en els fitxers titularitat de PEDRO DE HARO ALARCON amb DNI 38545432P, degudament inscrits al Registre General de Protecci\u00f3 de Dades, amb la finalitat de poder prestar els nostres serveis, aix\u00ed com per mantenir-vos informat sobre q\u00fcestions relatives a l&#8217;activitat de l&#8217;empresa i els seus serveis.<\/div>\n<\/div>\n<div data-id=\"5338378\" data-element_type=\"widget\" data-widget_type=\"heading.default\">\n<div>\n<h2><strong>Modalitat de recollida i tractament de les dades<\/strong><\/h2>\n<\/div>\n<\/div>\n<div data-id=\"8423906\" data-element_type=\"widget\" data-widget_type=\"text-editor.default\">\n<div>Les dades es recullen directament de l&#8217;interessat, de manera presencial o mitjan\u00e7ant el formulari del nostre web corporatiu, facilitant-li tota la informaci\u00f3 necess\u00e0ria que preveu la llei. El tractament es realitza mitjan\u00e7ant instruments automatitzats en compliment de la normativa i de conformitat amb els principis de correcci\u00f3, licitud, transpar\u00e8ncia i tutela de la seva confidencialitat i drets. El nostre sistema inform\u00e0tic est\u00e0 estructurat de manera que es pugui prevenir la p\u00e8rdua de dades, usos il\u00b7l\u00edcits o no correctes i accessos no autoritzats, complint amb les normes de seguretat exigibles.  <\/div>\n<\/div>\n<div data-id=\"69fe445\" data-element_type=\"widget\" data-widget_type=\"heading.default\">\n<div>\n<h2><strong>Base jur\u00eddica &#8211; Finalitat del tractament<br><\/strong><\/h2>\n<\/div>\n<\/div>\n<div data-id=\"3517d21\" data-element_type=\"widget\" data-widget_type=\"text-editor.default\">\n<div>Les dades comunicades seran \u00fanicament les estrictament indispensables per a l&#8217;execuci\u00f3 de la prestaci\u00f3 sol\u00b7licitada: pressupostos, factures, informes, &#8230; La comunicaci\u00f3 d&#8217;aquestes dades \u00e9s obligat\u00f2ria per poder donar execuci\u00f3 als serveis que se li han ofert i una possible denegaci\u00f3 de la comunicaci\u00f3 per part seva comportar\u00e0 per a aquesta empresa la impossibilitat de complir amb les prestacions acordades.<\/div>\n<\/div>\n<div data-id=\"8a91058\" data-element_type=\"widget\" data-widget_type=\"heading.default\">\n<div>\n<h2><strong>Destinataris als quals es poden comunicar les seves dades<\/strong><\/h2>\n<\/div>\n<\/div>\n<div data-id=\"7281144\" data-element_type=\"widget\" data-widget_type=\"text-editor.default\">\n<div>Les seves dades no es comunicaran a tercers, excepte quan sigui necessari i indispensable (o, en tot cas, funcional) per al desenvolupament dels serveis que ens ha demanat o hi hagi una obligaci\u00f3 legal. Es realitzaran altres possibles comunicacions a altres subjectes (autoritzats, nomenats i instru\u00efts espec\u00edficament pel Responsable). Les seves dades no es difondran a tercers sense que vost\u00e8 hagi prestat pr\u00e8viament i expressament el seu consentiment i no seran objecte de transmissi\u00f3, sota cap concepte, a tercers pa\u00efsos fora de la UE.  <\/div>\n<\/div>\n<div data-id=\"276f313\" data-element_type=\"widget\" data-widget_type=\"heading.default\">\n<div>\n<h2><strong>Durada de la conservaci\u00f3 de les dades de car\u00e0cter personal<\/strong><\/h2>\n<\/div>\n<\/div>\n<div data-id=\"4af78ae\" data-element_type=\"widget\" data-widget_type=\"text-editor.default\">\n<div>Les seves dades de car\u00e0cter personal es conservaran durant el temps considerat \u00fatil per a l&#8217;execuci\u00f3 de la prestaci\u00f3 sol\u00b7licitada o per a la gesti\u00f3 d&#8217;activitats administratives posteriors. Ens comprometem a tractar de forma confidencial les dades de car\u00e0cter personal facilitades i tornar-les a l&#8217;interessat o destruir-les un cop finalitzada la relaci\u00f3 contractual. <\/div>\n<\/div>\n<div data-id=\"58bb2d1\" data-element_type=\"widget\" data-widget_type=\"heading.default\">\n<div>\n<h2><strong>Drets de l&#8217;interessat i revocaci\u00f3 del consentiment prestat<\/strong><\/h2>\n<\/div>\n<\/div>\n<div data-id=\"bb0d996\" data-element_type=\"widget\" data-widget_type=\"text-editor.default\">\n<div>Vost\u00e8 t\u00e9 dret a sol\u00b7licitar al titular, en qualsevol moment, l&#8217;acc\u00e9s a les seves dades, aix\u00ed com la rectificaci\u00f3, la cancel\u00b7laci\u00f3 o la portabilitat d&#8217;aquestes. Aix\u00ed mateix, t\u00e9 dret a sol\u00b7licitar la limitaci\u00f3 del tractament o oposar-se a aquest. A m\u00e9s, podr\u00e0 revocar en qualsevol moment els consentiments prestats a trav\u00e9s d&#8217;aquesta nota informativa, adre\u00e7ant la seva sol\u00b7licitud a info@unmundodemadera.com, aportant acreditaci\u00f3 de la seva identitat. En cas que consideri que les seves dades hagin estat tractades de manera il\u00b7leg\u00edtima, t\u00e9 dret a adre\u00e7ar-se a l&#8217;Autoritat de Control per presentar una reclamaci\u00f3.   <\/div>\n<\/div>\n<div data-id=\"a59a993\" data-element_type=\"widget\" data-widget_type=\"heading.default\">\n<div>\n<h2><strong>Processos de decisi\u00f3 automatitzats i Consentiment expr\u00e9s <\/strong><\/h2>\n<\/div>\n<\/div>\n<div data-id=\"b876008\" data-element_type=\"widget\" data-widget_type=\"text-editor.default\">\n<div>El titular no utilitza, de cap manera, processos de decisi\u00f3 automatitzats concernents a les seves dades de car\u00e0cter personal. Amb l&#8217;enviament de les seves dades de car\u00e0cter personal a trav\u00e9s del nostre formulari al web, vost\u00e8 dona fe de l&#8217;exactitud i actualitzaci\u00f3 d&#8217;aquestes, que ha estat informat de forma comprensible, precisa i inequ\u00edvoca de l&#8217;\u00fas i tractament que s&#8217;aplicaran a les seves dades, dels drets que l&#8217;assisteixen i que dona el seu consentiment expr\u00e9s perqu\u00e8 els puguem utilitzar \u00fanica i exclusivament per a la finalitat concreta del servei contractat. <\/div>\n<\/div>\n<\/div>\n<\/div>\n<\/div>\n<\/section>\n<\/div>\n<\/div>\n<\/div>\n<\/div>\n<\/div>\n<\/section>\n<\/div>\t\t\t\t\t\t\t\t<\/div>\n\t\t\t\t<\/div>\n\t\t\t\t\t<\/div>\n\t\t\t\t<\/div>\n\t\t\t\t<\/div>\n\t\t","protected":false},"excerpt":{"rendered":"<p>Pol\u00edtica de privacitat En compliment del que estableix la Llei Org\u00e0nica 15\/1999, de 13 de desembre, de protecci\u00f3 de dades de car\u00e0cter personal i del Reglament Europeu UE 2016\/679, us informem del seg\u00fcent: Identitat i dades de contacte del responsable del tractament Comuniquem que les dades que ens faciliteu quedaran incorporades i seran tractades en [&hellip;]<\/p>\n","protected":false},"author":1,"featured_media":0,"parent":0,"menu_order":0,"comment_status":"closed","ping_status":"open","template":"","meta":{"site-sidebar-layout":"default","site-content-layout":"","ast-site-content-layout":"default","site-content-style":"default","site-sidebar-style":"default","ast-global-header-display":"","ast-banner-title-visibility":"","ast-main-header-display":"","ast-hfb-above-header-display":"","ast-hfb-below-header-display":"","ast-hfb-mobile-header-display":"","site-post-title":"disabled","ast-breadcrumbs-content":"","ast-featured-img":"","footer-sml-layout":"","ast-disable-related-posts":"","theme-transparent-header-meta":"","adv-header-id-meta":"","stick-header-meta":"","header-above-stick-meta":"","header-main-stick-meta":"","header-below-stick-meta":"","astra-migrate-meta-layouts":"default","ast-page-background-enabled":"default","ast-page-background-meta":{"desktop":{"background-color":"","background-image":"","background-repeat":"repeat","background-position":"center center","background-size":"auto","background-attachment":"scroll","background-type":"","background-media":"","overlay-type":"","overlay-color":"","overlay-opacity":"","overlay-gradient":""},"tablet":{"background-color":"","background-image":"","background-repeat":"repeat","background-position":"center center","background-size":"auto","background-attachment":"scroll","background-type":"","background-media":"","overlay-type":"","overlay-color":"","overlay-opacity":"","overlay-gradient":""},"mobile":{"background-color":"","background-image":"","background-repeat":"repeat","background-position":"center center","background-size":"auto","background-attachment":"scroll","background-type":"","background-media":"","overlay-type":"","overlay-color":"","overlay-opacity":"","overlay-gradient":""}},"ast-content-background-meta":{"desktop":{"background-color":"var(--ast-global-color-5)","background-image":"","background-repeat":"repeat","background-position":"center center","background-size":"auto","background-attachment":"scroll","background-type":"","background-media":"","overlay-type":"","overlay-color":"","overlay-opacity":"","overlay-gradient":""},"tablet":{"background-color":"var(--ast-global-color-5)","background-image":"","background-repeat":"repeat","background-position":"center center","background-size":"auto","background-attachment":"scroll","background-type":"","background-media":"","overlay-type":"","overlay-color":"","overlay-opacity":"","overlay-gradient":""},"mobile":{"background-color":"var(--ast-global-color-5)","background-image":"","background-repeat":"repeat","background-position":"center center","background-size":"auto","background-attachment":"scroll","background-type":"","background-media":"","overlay-type":"","overlay-color":"","overlay-opacity":"","overlay-gradient":""}},"footnotes":""},"class_list":["post-2424","page","type-page","status-publish","hentry"],"_links":{"self":[{"href":"https:\/\/unmundodemadera.com\/ca\/wp-json\/wp\/v2\/pages\/2424","targetHints":{"allow":["GET"]}}],"collection":[{"href":"https:\/\/unmundodemadera.com\/ca\/wp-json\/wp\/v2\/pages"}],"about":[{"href":"https:\/\/unmundodemadera.com\/ca\/wp-json\/wp\/v2\/types\/page"}],"author":[{"embeddable":true,"href":"https:\/\/unmundodemadera.com\/ca\/wp-json\/wp\/v2\/users\/1"}],"replies":[{"embeddable":true,"href":"https:\/\/unmundodemadera.com\/ca\/wp-json\/wp\/v2\/comments?post=2424"}],"version-history":[{"count":2,"href":"https:\/\/unmundodemadera.com\/ca\/wp-json\/wp\/v2\/pages\/2424\/revisions"}],"predecessor-version":[{"id":2480,"href":"https:\/\/unmundodemadera.com\/ca\/wp-json\/wp\/v2\/pages\/2424\/revisions\/2480"}],"wp:attachment":[{"href":"https:\/\/unmundodemadera.com\/ca\/wp-json\/wp\/v2\/media?parent=2424"}],"curies":[{"name":"wp","href":"https:\/\/api.w.org\/{rel}","templated":true}]}}